{"id":196,"date":"2021-04-02T11:57:56","date_gmt":"2021-04-02T09:57:56","guid":{"rendered":"https:\/\/servizi.comune.torino.it\/inclusione\/?page_id=196"},"modified":"2026-04-29T16:53:31","modified_gmt":"2026-04-29T14:53:31","slug":"bandi-aperti","status":"publish","type":"page","link":"https:\/\/servizi.comune.torino.it\/inclusione\/bandi-aperti\/","title":{"rendered":"Bandi aperti"},"content":{"rendered":"\t\t<div data-elementor-type=\"wp-page\" data-elementor-id=\"196\" class=\"elementor elementor-196\" data-elementor-settings=\"[]\">\n\t\t\t\t\t\t\t<div class=\"elementor-section-wrap\">\n\t\t\t\t\t\t\t<section class=\"elementor-section elementor-top-section elementor-element elementor-element-630bd6cb elementor-section-boxed elementor-section-height-default elementor-section-height-default\" data-id=\"630bd6cb\" data-element_type=\"section\">\n\t\t\t\t\t\t<div class=\"elementor-container elementor-column-gap-default\">\n\t\t\t\t\t<div class=\"elementor-column elementor-col-100 elementor-top-column elementor-element elementor-element-205397d9\" data-id=\"205397d9\" data-element_type=\"column\">\n\t\t\t<div class=\"elementor-widget-wrap elementor-element-populated\">\n\t\t\t\t\t\t\t\t<div class=\"elementor-element elementor-element-4ebfcf5e elementor-widget elementor-widget-text-editor\" data-id=\"4ebfcf5e\" data-element_type=\"widget\" data-widget_type=\"text-editor.default\">\n\t\t\t\t<div class=\"elementor-widget-container\">\n\t\t\t\t\t\t\t\t<h3>Il Piano di Inclusione Sociale \u00e8 un percorso di co-progettazione aperto che permette agli enti di candidare i propri progetti in diversi periodi dell\u2019anno. In questa sezione si riporta la documentazione di riferimento.<\/h3>\t\t\t\t\t\t<\/div>\n\t\t\t\t<\/div>\n\t\t\t\t\t<\/div>\n\t\t<\/div>\n\t\t\t\t\t\t\t<\/div>\n\t\t<\/section>\n\t\t\t\t<section class=\"elementor-section elementor-top-section elementor-element elementor-element-4ebcdc8 elementor-section-boxed elementor-section-height-default elementor-section-height-default\" data-id=\"4ebcdc8\" data-element_type=\"section\">\n\t\t\t\t\t\t<div class=\"elementor-container elementor-column-gap-default\">\n\t\t\t\t\t<div class=\"elementor-column elementor-col-100 elementor-top-column elementor-element elementor-element-91ec798\" data-id=\"91ec798\" data-element_type=\"column\">\n\t\t\t<div class=\"elementor-widget-wrap elementor-element-populated\">\n\t\t\t\t\t\t\t\t<div class=\"elementor-element elementor-element-dc13840 elementor-widget elementor-widget-text-editor\" data-id=\"dc13840\" data-element_type=\"widget\" data-widget_type=\"text-editor.default\">\n\t\t\t\t<div class=\"elementor-widget-container\">\n\t\t\t\t\t\t\t\t<h3><strong><em>Avvisi aperti<\/em><\/strong><\/h3>\t\t\t\t\t\t<\/div>\n\t\t\t\t<\/div>\n\t\t\t\t\t<\/div>\n\t\t<\/div>\n\t\t\t\t\t\t\t<\/div>\n\t\t<\/section>\n\t\t\t\t<section class=\"elementor-section elementor-top-section elementor-element elementor-element-f77982b elementor-section-boxed elementor-section-height-default elementor-section-height-default\" data-id=\"f77982b\" data-element_type=\"section\">\n\t\t\t\t\t\t<div class=\"elementor-container elementor-column-gap-default\">\n\t\t\t\t\t<div class=\"elementor-column elementor-col-66 elementor-top-column elementor-element elementor-element-3b3c1eb\" data-id=\"3b3c1eb\" data-element_type=\"column\">\n\t\t\t<div class=\"elementor-widget-wrap elementor-element-populated\">\n\t\t\t\t\t\t\t\t<div class=\"elementor-element elementor-element-139269b elementor-widget elementor-widget-text-editor\" data-id=\"139269b\" data-element_type=\"widget\" data-widget_type=\"text-editor.default\">\n\t\t\t\t<div class=\"elementor-widget-container\">\n\t\t\t\t\t\t\t\t<div class=\"x_elementToProof\"><strong>BANDO PER LA PREVENZIONE E IL CONTRASTO DELLE DIPENDENZE PATOLOGICHE E COMPORTAMENTALI \u201cLEGAMI DI LIBERTA\u2019\u201d &#8211;<\/strong><br \/><strong>AVVISO DI MANIFESTAZIONE DI INTERESSE PER LA CANDIDATURA AL PARTENARIATO NEL BANDO EMANATO DALL\u2019IMPRESA SOCIALE CON I\u00a0BAMBINI<\/strong><\/div><div class=\"x_elementToProof\">\u00a0<\/div><div class=\"x_elementToProof\">In riferimento al bando emanato dall\u2019impresa Sociale \u201cCon i Bambini\u201d per la prevenzione e il contrasto delle dipendenze patologiche e comportamentali, finalizzato ad acquisire idee progettuali da realizzare a livello territoriale per i giovani tra gli 11 e i 18 anni, \u00e8 stata approvata la predisposizione di un avviso pubblico di manifestazione di interesse da parte delle Organizzazioni di Terzo Settore che intendano candidarsi al sopraccitato bando in qualit\u00e0 di capofila e in partenariato con la Citt\u00e0 e con la ASL Citt\u00e0 di Torino.<br \/>Con l&#8221;Avviso pubblico (All. 1) si intende procedere alla raccolta di manifestazioni di interesse da parte delle Organizzazioni di Terzo Settore che intendano candidarsi al bando \u201cLegami di libert\u00e0\u201d in qualit\u00e0 di capofila e che ritengano di presentare alla Citt\u00e0 e all\u2019ASL istanza di adesione in qualit\u00e0 di partner. La durata delle attivit\u00e0 dovr\u00e0 essere compresa tra 36 e 48 mesi.<\/div><div>\u00a0<\/div><div class=\"x_elementToProof\">Le istanze di partenariato e i relativi allegati, scansionati in formato pdf non modificabile, anche in un unico file, devono essere trasmessi , mediante compilazione di apposita istanza (all.2)<b>\u00a0entro le ore 24.00 del giorno 7 maggio 2026<\/b>\u00a0mediante posta elettronica certificata all\u2019indirizzo:\u00a0<b><i>servizi.sociali@cert.comune.torino.it\u00a0<\/i><\/b>con oggetto &#8220;Manifestazione di interesse bando Legami di Libert\u00e0&#8221;.<\/div><div>\u00a0<\/div><div id=\"x_Signature\" class=\"x_elementToProof\"><div class=\"x_elementToProof\">Per richieste di informazioni e chiarimenti, scrivere a<u>\u00a0salute@comune.torino.it<\/u><\/div><div class=\"x_elementToProof\">\u00a0<\/div><\/div>\t\t\t\t\t\t<\/div>\n\t\t\t\t<\/div>\n\t\t\t\t\t<\/div>\n\t\t<\/div>\n\t\t\t\t<div class=\"elementor-column elementor-col-33 elementor-top-column elementor-element elementor-element-66f4929\" data-id=\"66f4929\" data-element_type=\"column\">\n\t\t\t<div class=\"elementor-widget-wrap elementor-element-populated\">\n\t\t\t\t\t\t\t\t<div class=\"elementor-element elementor-element-8c5ad3f elementor-widget elementor-widget-text-editor\" data-id=\"8c5ad3f\" data-element_type=\"widget\" data-widget_type=\"text-editor.default\">\n\t\t\t\t<div class=\"elementor-widget-container\">\n\t\t\t\t\t\t\t\t<p><span style=\"text-decoration: underline;\"><a href=\"https:\/\/servizi.comune.torino.it\/inclusione\/wp-content\/uploads\/2026\/04\/DD-2584-2026-3.pdf\">DD-2584-2026<\/a><\/span><\/p><p><span style=\"text-decoration: underline;\"><a href=\"https:\/\/servizi.comune.torino.it\/inclusione\/wp-content\/uploads\/2026\/04\/all.1_avviso-pubblico-di-manifestazione-di-interesse-1.pdf\">all.1_avviso pubblico di manifestazione di interesse<\/a><\/span><\/p><p><span style=\"text-decoration: underline;\"><a href=\"https:\/\/servizi.comune.torino.it\/inclusione\/wp-content\/uploads\/2026\/04\/Allegato-2-facsimile-IST_PART-1.docx\">all.2_facsimile<\/a> istanza di partecipazione<\/span><\/p>\t\t\t\t\t\t<\/div>\n\t\t\t\t<\/div>\n\t\t\t\t\t<\/div>\n\t\t<\/div>\n\t\t\t\t\t\t\t<\/div>\n\t\t<\/section>\n\t\t\t\t<section class=\"elementor-section elementor-top-section elementor-element elementor-element-bcc1cb6 elementor-section-boxed elementor-section-height-default elementor-section-height-default\" data-id=\"bcc1cb6\" data-element_type=\"section\">\n\t\t\t\t\t\t<div class=\"elementor-container elementor-column-gap-default\">\n\t\t\t\t\t<div class=\"elementor-column elementor-col-66 elementor-top-column elementor-element elementor-element-25ee047\" data-id=\"25ee047\" data-element_type=\"column\">\n\t\t\t<div class=\"elementor-widget-wrap elementor-element-populated\">\n\t\t\t\t\t\t\t\t<div class=\"elementor-element elementor-element-189fc06 elementor-widget elementor-widget-text-editor\" data-id=\"189fc06\" data-element_type=\"widget\" data-widget_type=\"text-editor.default\">\n\t\t\t\t<div class=\"elementor-widget-container\">\n\t\t\t\t\t\t\t\t<p><strong>PIANO DI INCLUSIONE SOCIALE DELLA CITTA\u2019 DI TORINO, AREA 4 E AREA 5: RIAPERTURA TERMINI PER LA PRESENTAZIONE DELLE ISTANZE DI COPROGETTAZIONE.\u00a0 APPROVAZIONE AVVISO PUBBLICO IN ESECUZIONE DGC 166\/2026<\/strong><\/p><div class=\"x_elementToProof\" data-olk-copy-source=\"MessageBody\">Con deliberazione Giunta Comunale 166\/2026 e successiva determinazione n. DD 2024\/2026 del 03\/04\/2026\u00a0\u00e8 stata approvata la riapertura dei termini in via generale per la presentazione di progettualit\u00e0 riferite alle Aree del Piano Inclusione Sociale: Area 4 \u201cReti territoriali per l\u2019abitare, abitare sociale e accoglienza solidale\u201d (Allegato 1, 2 e 3) e Area 5 (Allegato 4, 5 e 6), Schemi di disciplinari (Allegati 7 e 8).<\/div><div class=\"x_elementToProof\">\u00a0<\/div><div class=\"x_elementToProof\">Le proposte progettuali e le relative istanze di partecipazione all\u2019Avviso dovranno essere inviate secondo le seguenti scadenze:<\/div><div class=\"x_elementToProof\">\u00a0<\/div><div class=\"x_elementToProof\"><strong>AREA 4 SAI: Accoglienza in famiglia supportata (c.d. Rifugio Diffuso)<\/strong><\/div><div class=\"x_elementToProof\">Entro e non oltre il 21\/04\/2026 &#8211; PROROGATO AL 22\/04\/2026<\/div><div class=\"x_elementToProof\">\u00a0<\/div><div class=\"x_elementToProof\"><b>AREA 4\u00a0SAI: Azioni e interventi di rete per l\u2019inclusione sociale dei cittadini in condizioni di marginalit\u00e0\u00a0estrema &#8211;\u00a0Attivit\u00e0 di accoglienza per posti S.A.I. Ordinari.<\/b>\u00a0<\/div><div class=\"x_elementToProof\">Entro e non oltre il 21\/04\/2026 &#8211; PROROGATO AL 22\/04\/2026<\/div><div>\u00a0<\/div><div class=\"x_elementToProof\"><strong>AREA 4 generale: Reti territoriali per l\u2019abitare, l\u2019abitare sociale e l\u2019accoglienza solidale<\/strong><\/div><div class=\"x_elementToProof\">entro e non oltre il 30\/10\/2026<\/div><div class=\"x_elementToProof\">\u00a0<\/div><div class=\"x_elementToProof\"><b>AREA 5 &#8211; Azioni\u00a0e interventi\u00a0di rete per l\u2019inclusione sociale dei cittadini in condizioni di marginalit\u00e0 estrema <\/b>\u00a0<\/div><div class=\"x_elementToProof\">entro e non oltre il 30\/10\/2026<\/div><div class=\"x_elementToProof\">\u00a0<\/div><div class=\"x_elementToProof\"><b>AREA 5 &#8211; Azioni e\u00a0interventi di rete per l\u2019inclusione sociale dei cittadini in condizioni di marginalit\u00e0 estrema\u00a0&#8211; <u>Gestione del Sito di via Traves 15<\/u>\u00a0\u00a0\u00a0<\/b><\/div><div class=\"x_elementToProof\">Entro e non oltre il 21\/04\/2026 &#8211; PROROGATO AL 22\/04\/2026<\/div><div class=\"x_elementToProof\">\u00a0<\/div><div class=\"x_elementToProof\"><b>AREA 5 &#8211; Azioni e interventi di rete per l\u2019inclusione sociale dei cittadini in condizioni di marginalit\u00e0 estrema. <u>Gestione della struttura di c.so Regina Margherita 153<\/u>.\u00a0<\/b><\/div><div class=\"x_elementToProof\">Entro e non oltre il 21\/04\/2026 &#8211; PROROGATO AL 22\/04\/2026<\/div><div class=\"x_elementToProof\">\u00a0<\/div><div class=\"x_elementToProof\">Nell&#8217;ambito dei sopra citati ambiti di intervento, ad esclusione dell&#8217;Area 4 SAI,\u00a0verranno individuate, le attivit\u00e0 attuative della proposta progettuale presentata dal Comune di Torino relativa all&#8217;Avviso pubblico \u201cINtegra&#8221;, finalizzate al\u00a0rafforzamento dei servizi e delle azioni, alla realizzazione di interventi di Housing first e Housing led, di servizi \/ centri di prima accoglienza notturna \/ diurna, di servizi \/ centri residenziali e semiresidenziali, al contrasto alla deprivazione materiale, altri servizi, erogati a persone incondizione di marginalit\u00e0 o esclusione sociale. L\u2019Avviso pubblico \u201cINtegra\u201d prevedeva la presentazione di proposte d\u2019intervento finalizzate all\u2019inclusione sociale sulla Priorit\u00e0 1 \u201cSostegno all\u2019inclusione sociale e lotta alla povert\u00e0\u201d \u2013 Obiettivo specifico l (ESO 4.12) \u2013 e sulla Priorit\u00e0 3 \u201cContrasto alla deprivazione materiale\u201d \u2013 Obiettivo specifico m (ESO 4.13) del PN Inclusione e lotta alla povert\u00e0 2021-2027 FSE+.\u00a0La proposta progettuale presentata dal Comune di Torino, in risposta all\u2019Avviso sopra citato, \u00e8 stata approvata con il Decreto Direttoriale n. 37 dell&#8217;11 marzo 2025 ed \u00e8 stata ammessa a finanziamento con il Decreto Direttoriale n. 116 del 30 aprile 2025 (CUP C11H25001040007).<\/div><div class=\"x_elementToProof\">\u00a0<\/div><div class=\"x_elementToProof\">La compilazione e l\u2019invio potr\u00e0 avvenire esclusivamente tramite il modulo digitale appositamente predisposto nella sezione dedicata ai Servizi Sociali del portale \u201cTorino Facile\u201d raggiungibile al seguente link: <a id=\"OWA6364c73d-c0dd-6a22-085c-51ad69451fc3\" class=\"x_x_OWAAutoLink\" title=\"https:\/\/www.comune.torino.it\/servizi\/piano-inclusione-sociale-presentazione-istanze-trasferimento-finanziario\" href=\"https:\/\/www.comune.torino.it\/servizi\/piano-inclusione-sociale-presentazione-istanze-trasferimento-finanziario\" target=\"_blank\" rel=\"noopener noreferrer\" data-auth=\"NotApplicable\" data-linkindex=\"1\"><b><u>Presentazione istanze<\/u><\/b><\/a><a id=\"OWA79763907-e29c-9334-2595-4ff45bf921de\" class=\"x_x_OWAAutoLink\" title=\"https:\/\/www.comune.torino.it\/servizi\/piano-inclusione-sociale-presentazione-istanze-trasferimento-finanziario\" href=\"https:\/\/www.comune.torino.it\/servizi\/piano-inclusione-sociale-presentazione-istanze-trasferimento-finanziario\" target=\"_blank\" rel=\"noopener noreferrer\" data-auth=\"NotApplicable\" data-linkindex=\"2\"><b><u>\u00a0<\/u><\/b><\/a><\/div><div class=\"x_elementToProof\">\u00a0<\/div><div class=\"x_elementToProof\">Le istanze presentate con modalit\u00e0 differenti non potranno essere prese in carico.<\/div><div class=\"x_elementToProof\">\u00a0<\/div><div class=\"x_elementToProof\">\u00c8 prevista una sessione formativa\/informativa alla quale sar\u00e0 possibile partecipare indicando la propria preferenza per una delle due date disponibili:<\/div><div class=\"x_elementToProof\" role=\"presentation\">&#8211; 10 aprile \u2013 ore 10:30 \/ 12:30<\/div><div class=\"x_elementToProof\" role=\"presentation\">&#8211; 15 aprile \u2013 ore 10:30 \/ 12:30<\/div><div role=\"presentation\">\u00a0<\/div><div class=\"x_elementToProof\">La partecipazione sar\u00e0 possibile compilando la\u00a0seguente<em><strong><span style=\"text-decoration: underline;\"> <a id=\"OWAe7e200ac-4972-ffd4-ad23-514fbdbddc00\" class=\"x_x_OWAAutoLink\" title=\"https:\/\/forms.office.com\/Pages\/ResponsePage.aspx?id=hDUEWR1AOkeKTllN6iefJVDbEVuDhh1HjaC5Ih57o7FUMURXV0U3RE1WQlA3VkpHRElQVUFIQjdIMy4u\" href=\"https:\/\/forms.office.com\/Pages\/ResponsePage.aspx?id=hDUEWR1AOkeKTllN6iefJVDbEVuDhh1HjaC5Ih57o7FUMURXV0U3RE1WQlA3VkpHRElQVUFIQjdIMy4u\" target=\"_blank\" rel=\"noopener noreferrer\" data-auth=\"NotApplicable\" data-linkindex=\"3\">scheda<\/a><\/span><\/strong><\/em><\/div><div class=\"x_elementToProof\"><p>Per richieste di informazioni e chiarimenti, \u00e8 possibile scrivere a: <a id=\"OWA0f41873d-8e3d-c423-8d0a-63e43452b798\" class=\"x_x_OWAAutoLink\" title=\"mailto:pianoinclusionesociale@comune.torino.it\" href=\"mailto:pianoinclusionesociale@comune.torino.it\" data-linkindex=\"4\"><u>pianoinclusionesociale@comune.torino.it<\/u><\/a><\/p><\/div>\t\t\t\t\t\t<\/div>\n\t\t\t\t<\/div>\n\t\t\t\t\t<\/div>\n\t\t<\/div>\n\t\t\t\t<div class=\"elementor-column elementor-col-33 elementor-top-column elementor-element elementor-element-737f5d0\" data-id=\"737f5d0\" data-element_type=\"column\">\n\t\t\t<div class=\"elementor-widget-wrap elementor-element-populated\">\n\t\t\t\t\t\t\t\t<div class=\"elementor-element elementor-element-4463047 elementor-widget elementor-widget-text-editor\" data-id=\"4463047\" data-element_type=\"widget\" data-widget_type=\"text-editor.default\">\n\t\t\t\t<div class=\"elementor-widget-container\">\n\t\t\t\t\t\t\t\t<p><a href=\"https:\/\/servizi.comune.torino.it\/inclusione\/wp-content\/uploads\/2026\/04\/DEL-166-2026.pdf\">DEL-166-2026<\/a><\/p><p><a href=\"https:\/\/servizi.comune.torino.it\/inclusione\/wp-content\/uploads\/2026\/04\/DD_2024_2026.pdf\">DD_2024_2026<\/a><\/p><p><a href=\"https:\/\/servizi.comune.torino.it\/inclusione\/wp-content\/uploads\/2026\/04\/All.-1_Avviso-Area-4-generale-2026.pdf\">All. 1_Avviso Area 4 generale 2026<\/a><\/p><p><a href=\"https:\/\/servizi.comune.torino.it\/inclusione\/wp-content\/uploads\/2026\/04\/All.-2_Avviso-Area-4-SAI_Accoglienza-in-famiglia-2026.pdf\">All. 2_Avviso Area 4 SAI_Accoglienza in famiglia 2026<\/a><\/p><p><a href=\"https:\/\/servizi.comune.torino.it\/inclusione\/wp-content\/uploads\/2026\/04\/All.-3_Avviso-Area-4-SAI_Ordinari-2026.pdf\">All. 3_Avviso Area 4 SAI_Ordinari 2026<\/a><\/p><p><a href=\"https:\/\/servizi.comune.torino.it\/inclusione\/wp-content\/uploads\/2026\/04\/All.-4_Avviso-Area-5-generale-2026.pdf\">All. 4_Avviso Area 5 generale 2026<\/a><\/p><p><a href=\"https:\/\/servizi.comune.torino.it\/inclusione\/wp-content\/uploads\/2026\/04\/All.-5_Avviso-Area-5-Traves-2026.pdf\">All. 5_Avviso Area 5 Traves 2026<\/a><\/p><p><a href=\"https:\/\/servizi.comune.torino.it\/inclusione\/wp-content\/uploads\/2026\/04\/All.-6_Avviso-Area-5-Buon-pastore-2026.pdf\">All. 6_Avviso Area 5 Buon pastore 2026<\/a><\/p><p><a href=\"https:\/\/servizi.comune.torino.it\/inclusione\/wp-content\/uploads\/2026\/04\/All.-7-Schema-Discipl.-TravesPlanimetrie.pdf\">All. 7 Schema Discipl. Traves+Planimetrie<\/a><\/p><p><a href=\"https:\/\/servizi.comune.torino.it\/inclusione\/wp-content\/uploads\/2026\/04\/All.-8-Schema-Discipl.-Buon-PastorePlanimetrie.pdf\">All. 8-Schema Discipl. Buon Pastore+Planimetrie<\/a><\/p><p><a style=\"color: #ff0000;\" href=\"https:\/\/forms.office.com\/Pages\/ResponsePage.aspx?id=hDUEWR1AOkeKTllN6iefJVDbEVuDhh1HjaC5Ih57o7FUNlczVVlJTkNHRlhEN0pHUU5FNFU5MUNaTi4u\"><strong>RICHIESTA CHIARIMENTI<\/strong> <em>&#8211; clicca qui per richiedere chiarimenti per la compilazione dell&#8217;istanza<\/em><\/a><\/p><p><a href=\"https:\/\/www.comune.torino.it\/media\/10853\"><span style=\"color: #ff0000;\"><strong>FAQ E SPECIFICHE relative al modulo presentazione istanze co-progettazione<\/strong><\/span><\/a><\/p><p><a href=\"https:\/\/servizi.comune.torino.it\/inclusione\/wp-content\/uploads\/2026\/04\/20260421_DD-2390-2026-proroga-termini-AREA4-E-5.pdf\">DD PROROGA TERMINI AL 22\/04\/2026<\/a><\/p>\t\t\t\t\t\t<\/div>\n\t\t\t\t<\/div>\n\t\t\t\t\t<\/div>\n\t\t<\/div>\n\t\t\t\t\t\t\t<\/div>\n\t\t<\/section>\n\t\t\t\t<section class=\"elementor-section elementor-top-section elementor-element elementor-element-6bb6757 elementor-section-boxed elementor-section-height-default elementor-section-height-default\" data-id=\"6bb6757\" data-element_type=\"section\">\n\t\t\t\t\t\t<div class=\"elementor-container elementor-column-gap-default\">\n\t\t\t\t\t<div class=\"elementor-column elementor-col-66 elementor-top-column elementor-element elementor-element-25f90ad\" data-id=\"25f90ad\" data-element_type=\"column\">\n\t\t\t<div class=\"elementor-widget-wrap elementor-element-populated\">\n\t\t\t\t\t\t\t\t<div class=\"elementor-element elementor-element-85215f5 elementor-widget elementor-widget-text-editor\" data-id=\"85215f5\" data-element_type=\"widget\" data-widget_type=\"text-editor.default\">\n\t\t\t\t<div class=\"elementor-widget-container\">\n\t\t\t\t\t\t\t\t<p><strong>PIANO DI INCLUSIONE SOCIALE DELLA CITTA&#8217; DI TORINO. RIAPERTURA DEI TERMINI PER LA PRESENTAZIONE DI ISTANZE DI CO-PROGETTAZIONE AREA 4 PER L&#8217;ACCOGLIENZA TEMPORANEA DI DONNE E NUCLEI IN EMERGENZA ABITATIVA PRESSO LE STRUTTURE SITE IN CORSO LECCE 64 E VIA NICOLA FABRIZI 55 &#8211; MESSA A DISPOSIZIONE IMMOBILI PER IL TRIENNIO 2026-2029.\u00a0<\/strong><\/p><p>Con deliberazione Giunta Comunale 686\/2025 e successiva determinazione\u00a0 <span class=\"gmail_default\">DD n. 8956\/2025 <\/span>del 23 dicembre 2025 \u00e8 stata approvata la riapertura dei termini per la presentazione di progettualit\u00e0 riferite dell&#8217;Area 4 del Piano inclusione sociale, relativamente ad un&#8217;azione specifica dedicata prioritariamente all\u2019accoglienza e ai percorsi di autonomia di donne (sole o con bambini) e nuclei familiari titolari di protezione internazionale, gi\u00e0 inseriti nel Sistema di Protezione per Richiedenti Asilo e Rifugiati (SAI). Per lo svolgimento di tali attivit\u00e0 di accoglienza ed integrazione sociale, si prevede la contestuale messa a disposizione a titolo gratuito degli immobili siti in Corso Lecce, 64 (piano quinto) e Via Nicola Fabrizi, 55 (piano terzo) a Torino, per una durata triennale a partire dalla sottoscrizione del relativo disciplinare.<\/p><p>Le proposte progettuali devono pervenire, corredate dalla documentazione richiesta, a mezzo posta elettronica certificata all\u2019indirizzo PEC:<span style=\"color: #3366ff;\"><a style=\"color: #3366ff;\" href=\"mailto:servizi.sociali@cert.comune.torino.it\" target=\"_blank\" rel=\"noopener\"> servizi.sociali@cert.comune.torino.it<\/a><\/span> <strong>entro il 6 febbraio 2026<\/strong>.<\/p><p><span data-olk-copy-source=\"MailCompose\">Per richieste di informazioni e chiarimenti, scrivere a<\/span><span style=\"color: #3366ff;\"><a id=\"OWA9da2f9b7-423a-84c7-d211-da1a1d494a0d\" class=\"OWAAutoLink\" style=\"color: #3366ff;\" title=\"mailto:pianoinclusionesociale@comune.torino.it\" href=\"mailto:pianoinclusionesociale@comune.torino.it\" data-linkindex=\"3\">\u00a0pianoinclusionesociale@comune.torino.it<\/a><\/span><\/p>\t\t\t\t\t\t<\/div>\n\t\t\t\t<\/div>\n\t\t\t\t\t<\/div>\n\t\t<\/div>\n\t\t\t\t<div class=\"elementor-column elementor-col-33 elementor-top-column elementor-element elementor-element-fb988c4\" data-id=\"fb988c4\" data-element_type=\"column\">\n\t\t\t<div class=\"elementor-widget-wrap elementor-element-populated\">\n\t\t\t\t\t\t\t\t<div class=\"elementor-element elementor-element-250f08d elementor-widget elementor-widget-text-editor\" data-id=\"250f08d\" data-element_type=\"widget\" data-widget_type=\"text-editor.default\">\n\t\t\t\t<div class=\"elementor-widget-container\">\n\t\t\t\t\t\t\t\t<p><a href=\"https:\/\/servizi.comune.torino.it\/inclusione\/wp-content\/uploads\/2025\/12\/DEL-686-2025.pdf\">DEL-686-2025<\/a><\/p><p><a href=\"https:\/\/servizi.comune.torino.it\/inclusione\/wp-content\/uploads\/2025\/12\/DD-8956-2025-Approvaz-Avviso-Lecce-Fabrizi.pdf\">DD-8956-2025 Approvaz Avviso Lecce Fabrizi<\/a><\/p><p><a href=\"https:\/\/servizi.comune.torino.it\/inclusione\/wp-content\/uploads\/2025\/12\/ALL_A3_Avviso-Area-4-LecceFabrizi.pdf\">ALL_A3_Avviso Area 4 Lecce+Fabrizi<\/a><\/p><p><a href=\"https:\/\/servizi.comune.torino.it\/inclusione\/wp-content\/uploads\/2025\/12\/All.1-facsimile_istanza_partecipazione-LecceFabrizi.docx\">All.1-facsimile_istanza_partecipazione Lecce+Fabrizi<\/a><\/p><p><a href=\"https:\/\/servizi.comune.torino.it\/inclusione\/wp-content\/uploads\/2025\/12\/All.1.1-facsimile_DSAN_istanza_partecipazione-LecceFabrizi.docx\">All.1.1-facsimile_DSAN_istanza_partecipazione Lecce+Fabrizi<\/a><\/p><p><a href=\"https:\/\/servizi.comune.torino.it\/inclusione\/wp-content\/uploads\/2025\/12\/All.2-Piano-Finanziario-TRIENNALE-Rich-trasf.-fin._LecceFabrizi.docx\">All.2-Piano-Finanziario-TRIENNALE-Rich trasf. fin._Lecce+Fabrizi<\/a><\/p><p>\u00a0<a href=\"https:\/\/servizi.comune.torino.it\/inclusione\/wp-content\/uploads\/2025\/12\/All.2.1-Piano-Finanziario-1\u00b0ANNUALITA-Rich-trasf.-fin._LecceFabrizi.docx\">All.2.1-Piano-Finanziario-1\u00b0ANNUALITA&#8217;- Rich trasf. fin._Lecce+Fabrizi<\/a><\/p><p><a href=\"https:\/\/servizi.comune.torino.it\/inclusione\/wp-content\/uploads\/2025\/12\/All.2.1-Piano-Finanziario-2\u00b0ANNUALITA-Rich-trasf.-fin._LecceFabrizi.docx\">All.2.1-Piano-Finanziario-2\u00b0ANNUALITA&#8217;- Rich trasf. fin._Lecce+Fabrizi<\/a><\/p><p><a href=\"https:\/\/servizi.comune.torino.it\/inclusione\/wp-content\/uploads\/2025\/12\/All.2.1-Piano-Finanziario-3\u00b0ANNUALITA-Rich-trasf.-fin._LecceFabrizi.docx\">All.2.1-Piano-Finanziario-3\u00b0ANNUALITA&#8217;- Rich trasf. fin._Lecce+Fabrizi<\/a><\/p><p><a href=\"https:\/\/servizi.comune.torino.it\/inclusione\/wp-content\/uploads\/2025\/12\/All.3-Piano-Finanziario-TRIENNALE-Cofinanziamento_LecceFabrizi.docx\">All.3-Piano-Finanziario-TRIENNALE-Cofinanziamento_Lecce+Fabrizi<\/a><\/p><p><a href=\"https:\/\/servizi.comune.torino.it\/inclusione\/wp-content\/uploads\/2025\/12\/All.3.1-Piano-Finanziario-1\u00b0ANNUALITA-Cofinanziamento_LecceFabrizi.docx\">All.3.1-Piano-Finanziario-1\u00b0ANNUALITA&#8217;- Cofinanziamento_Lecce+Fabrizi<\/a><\/p><p><a href=\"https:\/\/servizi.comune.torino.it\/inclusione\/wp-content\/uploads\/2025\/12\/All.3.1-Piano-Finanziario-2\u00b0ANNUALITA-Cofinanziamento_LecceFabrizi.docx\">All.3.1-Piano-Finanziario-2\u00b0ANNUALITA&#8217;- Cofinanziamento_Lecce+Fabrizi<\/a><\/p><p><a href=\"https:\/\/servizi.comune.torino.it\/inclusione\/wp-content\/uploads\/2025\/12\/All.3.1-Piano-Finanziario-3\u00b0ANNUALITA-Cofinanziamento_LecceFabrizi.docx\">All.3.1-Piano-Finanziario-3\u00b0ANNUALITA&#8217;- Cofinanziamento_Lecce+Fabrizi<\/a><\/p><p><a href=\"https:\/\/servizi.comune.torino.it\/inclusione\/wp-content\/uploads\/2025\/12\/All.4-SCHEDA-PROGETTO-LecceFabrizi.docx\">All.4-SCHEDA PROGETTO Lecce+Fabrizi<\/a><\/p><p><a href=\"https:\/\/servizi.comune.torino.it\/inclusione\/wp-content\/uploads\/2025\/12\/All.5-Scheda-di-sintesi-del-progetto-LecceFabrizi.xlsx\">All.5-Scheda-di-sintesi-del-progetto-Lecce+Fabrizi<\/a><\/p><p><a href=\"https:\/\/servizi.comune.torino.it\/inclusione\/wp-content\/uploads\/2025\/12\/All.6-Fac-Simile_dichiarazione-Legge-122-LecceFabrizi.docx\">All.6-Fac-Simile_dichiarazione-Legge-122-Lecce+Fabrizi<\/a><\/p><p><a href=\"https:\/\/servizi.comune.torino.it\/inclusione\/wp-content\/uploads\/2025\/12\/All_A_Schema-Disciplinare-LecceFabrizi.pdf\">All_A_Schema Disciplinare Lecce+Fabrizi<\/a><\/p><p><a href=\"https:\/\/servizi.comune.torino.it\/inclusione\/wp-content\/uploads\/2025\/12\/All_B_Planimetria_Lecce_64_Sub_23_Fabrizi_55_Sub_8.pdf\">All_B_Planimetria_Lecce_64_Sub_23_Fabrizi_55_Sub_8<\/a>\u00a0<\/p><p><span style=\"text-decoration: underline;\"><a href=\"https:\/\/servizi.comune.torino.it\/inclusione\/wp-content\/uploads\/2026\/02\/DD-1227-2026-LecceFabrizi.pdf\">DD-1227-2026 &#8211; impegno\u00a0<\/a><\/span><\/p>\t\t\t\t\t\t<\/div>\n\t\t\t\t<\/div>\n\t\t\t\t\t<\/div>\n\t\t<\/div>\n\t\t\t\t\t\t\t<\/div>\n\t\t<\/section>\n\t\t\t\t<section class=\"elementor-section elementor-top-section elementor-element elementor-element-7d68158 elementor-section-boxed elementor-section-height-default elementor-section-height-default\" data-id=\"7d68158\" data-element_type=\"section\">\n\t\t\t\t\t\t<div class=\"elementor-container elementor-column-gap-default\">\n\t\t\t\t\t<div class=\"elementor-column elementor-col-66 elementor-top-column elementor-element elementor-element-c49d326\" data-id=\"c49d326\" data-element_type=\"column\">\n\t\t\t<div class=\"elementor-widget-wrap elementor-element-populated\">\n\t\t\t\t\t\t\t\t<div class=\"elementor-element elementor-element-06c9cb7 elementor-widget elementor-widget-text-editor\" data-id=\"06c9cb7\" data-element_type=\"widget\" data-widget_type=\"text-editor.default\">\n\t\t\t\t<div class=\"elementor-widget-container\">\n\t\t\t\t\t\t\t\t<p><strong>PIANO DI INCLUSIONE SOCIALE DELLA CITTA\u2019 DI TORINO, AREA 4: RIAPERTURA TERMINI PER LA PRESENTAZIONE DELLE ISTANZE DI COPROGETTAZIONE_STRUTTURA DI VIA FARINELLI 40\/1, PER L&#8217;ACCOGLIENZA TEMPORANEA DI NUCLEI IN EMERGENZA ABITATIVA E CONTESTUALE MESSA A DISPOSIZIONE DELL&#8217;IMMOBILE &#8211; PROGETTAZIONE TRIENNALE. APPROVAZIONE AVVISO PUBBLICO IN ESECUZIONE DGC 585\/2025<\/strong><\/p><p>Con deliberazione Giunta Comunale 585\/2025 e successiva determinazione n.\u00a0<span class=\"gmail_default\">DD\u00a06377\/2025\u00a0<\/span>del 17 ottobre 2025 \u00e8 stata approvata la riapertura dei termini in via generale per la presentazione di progettualit\u00e0 riferite alle Aree del Piano Inclusione Sociale: Area 4 \u201cReti territoriali per l\u2019abitare, abitare sociale e accoglienza solidale\u201d relativamente alla struttura di via Farinelli 40\/1, per l\u2019accoglienza temporanea di nuclei in emergenza abitativa e contestuale messa a disposizione dell\u2019immobile \u2013 progettazione triennale (Allegato A2)<\/p><p>Le istanze di partecipazione redatte sul fac simile corredate della documentazione specificata nell\u2019Avviso, \u00a0dovranno pervenire all\u2019indirizzo PEC\u00a0<a href=\"mailto:servizi.sociali@cert.comune.torino.it\" target=\"_blank\" rel=\"noopener\"><span style=\"color: #0000ff;\">servizi.sociali@cert.comune.<wbr \/>torino.it<\/span><\/a> <strong>entro il 17 novembre 2025<\/strong>.<\/p><p>Il sopralluogo presso l\u2019immobile potr\u00e0 essere programmato a seguito di richiesta da trasmettere all\u2019indirizzo email:\u00a0<span style=\"color: #0000ff;\"><a style=\"color: #0000ff;\" href=\"mailto:patrimonio.concessioni@comune.torino.it\" target=\"_blank\" rel=\"noopener\">patrimonio.concessioni@comune.<wbr \/>torino.it<\/a><\/span>.<\/p><p><strong>I sopralluoghi si svolgeranno dal 27 al 31 ottobre c.m. dalle ore 10.00 alle ore 12.00.<\/strong> L\u2019appuntamento verr\u00e0 fissato a seguito del ricevimento della richiesta.<\/p><p>Aggiornamento: sono pubblicate tra gli allegati le <strong>FAQ<\/strong> con le risposte ai quesiti pervenuti.<\/p>\t\t\t\t\t\t<\/div>\n\t\t\t\t<\/div>\n\t\t\t\t\t<\/div>\n\t\t<\/div>\n\t\t\t\t<div class=\"elementor-column elementor-col-33 elementor-top-column elementor-element elementor-element-e20b0e4\" data-id=\"e20b0e4\" data-element_type=\"column\">\n\t\t\t<div class=\"elementor-widget-wrap elementor-element-populated\">\n\t\t\t\t\t\t\t\t<div class=\"elementor-element elementor-element-4573e94 elementor-widget elementor-widget-text-editor\" data-id=\"4573e94\" data-element_type=\"widget\" data-widget_type=\"text-editor.default\">\n\t\t\t\t<div class=\"elementor-widget-container\">\n\t\t\t\t\t\t\t\t<p><a href=\"https:\/\/servizi.comune.torino.it\/inclusione\/wp-content\/uploads\/2025\/10\/20251014_DEL-585-2025-A4Farinelli-1.pdf\">DEL 585-2025 Area4+Farinelli<\/a><\/p><p><a href=\"https:\/\/servizi.comune.torino.it\/inclusione\/wp-content\/uploads\/2025\/10\/DD-6377-2025-Approvaz.-Avviso-A4_Farinelli-1.pdf\">DD 6377 2025 Approvaz. Avviso Area4_Farinelli<\/a><\/p><p><a href=\"https:\/\/servizi.comune.torino.it\/inclusione\/wp-content\/uploads\/2025\/10\/ALL.-A2_Avviso-Area-4-Farinelli-25-28.pdf\">ALL. A2_Avviso Area 4 Farinelli 25-28<\/a><\/p><p><a href=\"https:\/\/servizi.comune.torino.it\/inclusione\/wp-content\/uploads\/2025\/10\/All.1-facsimile_istanza_partecipazione-Farinelli.docx\">All.1-facsimile_istanza_partecipazione Farinelli<\/a><\/p><p><a href=\"https:\/\/servizi.comune.torino.it\/inclusione\/wp-content\/uploads\/2025\/10\/All.1.1-facsimile_DSAN_istanza_partecipazione-Farinelli.docx\">All.1.1-facsimile_DSAN_istanza_partecipazione Farinelli<\/a>\u00a0<\/p><p><a href=\"https:\/\/servizi.comune.torino.it\/inclusione\/wp-content\/uploads\/2025\/10\/All.2-Piano-Finanziario-TRIENNALE-Rich-trasf.-fin._Farinelli.docx\">All.2-Piano-Finanziario-TRIENNALE-Rich trasf. fin._Farinelli<\/a><\/p><p><a href=\"https:\/\/servizi.comune.torino.it\/inclusione\/wp-content\/uploads\/2025\/10\/All.2.1-Piano-Finanziario-1\u00b0ANNUALITA_-Rich-trasf.-fin._Farinelli.docx\">All.2.1-Piano-Finanziario-1\u00b0ANNUALITA_- Rich trasf. fin._Farinelli<\/a><\/p><p><a href=\"https:\/\/servizi.comune.torino.it\/inclusione\/wp-content\/uploads\/2025\/10\/All.2.1-Piano-Finanziario-2\u00b0ANNUALITA_-Rich-trasf.-fin._Farinelli.docx\">All.2.1-Piano-Finanziario-2\u00b0ANNUALITA_- Rich trasf. fin._Farinelli<\/a><\/p><p><a href=\"https:\/\/servizi.comune.torino.it\/inclusione\/wp-content\/uploads\/2025\/10\/All.2.1-Piano-Finanziario-3\u00b0ANNUALITA_-Rich-trasf.-fin._Farinelli.docx\">All.2.1-Piano-Finanziario-3\u00b0ANNUALITA_- Rich trasf. fin._Farinelli<\/a><\/p><p><a href=\"https:\/\/servizi.comune.torino.it\/inclusione\/wp-content\/uploads\/2025\/10\/All.3-Piano-Finanziario-TRIENNALE-Cofinanziamento_Farinelli.docx\">All.3-Piano-Finanziario-TRIENNALE-Cofinanziamento_Farinelli<\/a><\/p><p><a href=\"https:\/\/servizi.comune.torino.it\/inclusione\/wp-content\/uploads\/2025\/10\/All.3.1-Piano-Finanziario-1\u00b0ANNUALITA_-Cofinanziamento_Farinelli.docx\">All.3.1-Piano-Finanziario-1\u00b0ANNUALITA_- Cofinanziamento_Farinelli<\/a><\/p><p><a href=\"https:\/\/servizi.comune.torino.it\/inclusione\/wp-content\/uploads\/2025\/10\/All.3.1-Piano-Finanziario-2\u00b0ANNUALITA_-Cofinanziamento_Farinelli.docx\">All.3.1-Piano-Finanziario-2\u00b0ANNUALITA_- Cofinanziamento_Farinelli<\/a><\/p><p><a href=\"https:\/\/servizi.comune.torino.it\/inclusione\/wp-content\/uploads\/2025\/10\/All.3.1-Piano-Finanziario-3\u00b0ANNUALITA_-Cofinanziamento_Farinelli.docx\">All.3.1-Piano-Finanziario-3\u00b0ANNUALITA_- Cofinanziamento_Farinelli<\/a><\/p><p><a href=\"https:\/\/servizi.comune.torino.it\/inclusione\/wp-content\/uploads\/2025\/10\/All.4-SCHEDA-PROGETTO-Farinelli.docx\">All.4-SCHEDA PROGETTO Farinelli<\/a><\/p><p><a href=\"https:\/\/servizi.comune.torino.it\/inclusione\/wp-content\/uploads\/2025\/10\/All.5-Scheda-di-sintesi-del-progetto-Farinelli.xlsx\">All.5-Scheda-di-sintesi-del-progetto-Farinelli<\/a><\/p><p><a href=\"https:\/\/servizi.comune.torino.it\/inclusione\/wp-content\/uploads\/2025\/10\/All.6-Fac-Simile_dichiarazione-Legge-122-Farinelli.docx\">All.6-Fac-Simile_dichiarazione-Legge-122-Farinelli<\/a><\/p><p><a href=\"https:\/\/servizi.comune.torino.it\/inclusione\/wp-content\/uploads\/2025\/11\/FAQ-VIA-FARINELLI.pdf\" target=\"_blank\" rel=\"noopener\">FAQ &#8211; VIA FARINELLI (agg. 07\/11\/2025)<\/a><\/p><p><a href=\"https:\/\/servizi.comune.torino.it\/inclusione\/wp-content\/uploads\/2025\/11\/Schema_Disciplinare-V.-Farinelli-2025-28.pdf\">Schema_Disciplinare V. Farinelli 2025-28<\/a><\/p>\t\t\t\t\t\t<\/div>\n\t\t\t\t<\/div>\n\t\t\t\t\t<\/div>\n\t\t<\/div>\n\t\t\t\t\t\t\t<\/div>\n\t\t<\/section>\n\t\t\t\t<section class=\"elementor-section elementor-top-section elementor-element elementor-element-27d3032 elementor-section-boxed elementor-section-height-default elementor-section-height-default\" data-id=\"27d3032\" data-element_type=\"section\">\n\t\t\t\t\t\t<div class=\"elementor-container elementor-column-gap-default\">\n\t\t\t\t\t<div class=\"elementor-column elementor-col-66 elementor-top-column elementor-element elementor-element-2a2ad08\" data-id=\"2a2ad08\" data-element_type=\"column\">\n\t\t\t<div class=\"elementor-widget-wrap elementor-element-populated\">\n\t\t\t\t\t\t\t\t<div class=\"elementor-element elementor-element-09e9160 elementor-widget elementor-widget-text-editor\" data-id=\"09e9160\" data-element_type=\"widget\" data-widget_type=\"text-editor.default\">\n\t\t\t\t<div class=\"elementor-widget-container\">\n\t\t\t\t\t\t\t\t<p><strong>PIANO DI INCLUSIONE SOCIALE DELLA CITTA\u2019 DI TORINO, AREA 4: RIAPERTURA TERMINI PER LA PRESENTAZIONE DELLE ISTANZE DI COPROGETTAZIONE.\u00a0 APPROVAZIONE AVVISO PUBBLICO IN ESECUZIONE DGC 585\/2025<\/strong><\/p><p>Con deliberazione Giunta Comunale 585\/2025 e successiva determinazione n.\u00a0DD<span class=\"gmail_default\">\u00a06377\/2025\u00a0<\/span>del 17 ottobre 2025 \u00e8 stata approvata la riapertura dei termini in via generale per la presentazione di progettualit\u00e0 riferite alle Aree del Piano Inclusione Sociale: Area 4 \u201cReti territoriali per l\u2019abitare, abitare sociale e accoglienza solidale\u201d (Allegato A1)<\/p><p><span data-olk-copy-source=\"MessageBody\">Nell&#8217;ambito del sopra citato ambito di intervento verranno individuate, le attivit\u00e0 attuative della proposta progettuale presentata dal Comune di Torino relativa all&#8217;Avviso pubblico \u201cINtegra&#8221;, finalizzate al rafforzamento dei servizi e delle azioni, alla realizzazione di interventi di Housing first e Housing led, di servizi \/ centri di prima accoglienza notturna \/ diurna, di servizi \/ centri residenziali e semiresidenziali, al contrasto alla deprivazione materiale, altri servizi, erogati a persone incondizione di marginalit\u00e0 o esclusione sociale. L\u2019Avviso pubblico \u201cINtegra\u201d prevedeva la presentazione di proposte d\u2019intervento finalizzate all\u2019inclusione sociale sulla Priorit\u00e0 1 \u201cSostegno all\u2019inclusione sociale e lotta alla povert\u00e0\u201d \u2013 Obiettivo specifico l (ESO 4.12) \u2013 e sulla Priorit\u00e0 3 \u201cContrasto alla deprivazione materiale\u201d \u2013 Obiettivo specifico m (ESO 4.13) del PN Inclusione e lotta alla povert\u00e0 2021-2027 FSE+. La proposta progettuale presentata dal Comune di Torino, in risposta all\u2019Avviso sopra citato, \u00e8 stata approvata con il Decreto Direttoriale n. 37 dell&#8217;11 marzo 2025 ed \u00e8 stata ammessa a finanziamento con il Decreto Direttoriale n. 116 del 30 aprile 2025 (CUP C11H25001040007).<\/span><\/p><p>Le istanze di partecipazione redatte sul fac simile corredate della documentazione specificata nell\u2019Avviso, \u00a0dovranno pervenire all\u2019indirizzo PEC\u00a0<span style=\"color: #0000ff;\"><i><a style=\"color: #0000ff;\" href=\"mailto:servizi.sociali@cert.comune.torino.it\" target=\"_blank\" rel=\"noopener\">servizi.sociali@cert.comune.<wbr \/>torino.it<\/a><\/i><\/span>\u00a0<strong>entro il<\/strong>\u00a0<b>17 novembre 2025<\/b>.<\/p><p>Per richieste di informazioni e chiarimenti, \u00e8 possibile scrivere a:\u00a0<span style=\"color: #0000ff;\"><a href=\"mailto:pianoinclusionesociale@comune.torino.it\" target=\"_blank\" rel=\"noopener\"><span style=\"color: #0000ff;\">pianoinclusionesociale@comune.<wbr \/>torino.it<\/span><\/a><\/span><\/p><div><strong><span style=\"color: #ff0000;\">AGGIORNAMENTO: INDIVIDUAZIONE ENTI PARTNER E APPROVAZIONE TRASFERIMENTI FINANZIARI<\/span><\/strong><\/div><div>\u00a0<\/div><div>Con determina dirigenziale n. 9067\/2025 del 30 dicembre 2025 sono individuati gli Enti partner e approvati i relativi trasferimenti finanziari.<\/div><div>\u00a0<\/div><div>\u00a0<\/div><p><img loading=\"lazy\" decoding=\"async\" class=\"aligncenter wp-image-4523 size-large\" src=\"https:\/\/servizi.comune.torino.it\/inclusione\/wp-content\/uploads\/2025\/12\/thumbnail_1-Logo-positivo-orizzontale-PN-Inclusione-1024x67.png\" alt=\"\" width=\"525\" height=\"34\" srcset=\"https:\/\/servizi.comune.torino.it\/inclusione\/wp-content\/uploads\/2025\/12\/thumbnail_1-Logo-positivo-orizzontale-PN-Inclusione-1024x67.png 1024w, https:\/\/servizi.comune.torino.it\/inclusione\/wp-content\/uploads\/2025\/12\/thumbnail_1-Logo-positivo-orizzontale-PN-Inclusione-300x20.png 300w, https:\/\/servizi.comune.torino.it\/inclusione\/wp-content\/uploads\/2025\/12\/thumbnail_1-Logo-positivo-orizzontale-PN-Inclusione-768x51.png 768w, https:\/\/servizi.comune.torino.it\/inclusione\/wp-content\/uploads\/2025\/12\/thumbnail_1-Logo-positivo-orizzontale-PN-Inclusione-1536x101.png 1536w, https:\/\/servizi.comune.torino.it\/inclusione\/wp-content\/uploads\/2025\/12\/thumbnail_1-Logo-positivo-orizzontale-PN-Inclusione-2048x135.png 2048w, https:\/\/servizi.comune.torino.it\/inclusione\/wp-content\/uploads\/2025\/12\/thumbnail_1-Logo-positivo-orizzontale-PN-Inclusione-800x53.png 800w\" sizes=\"auto, (max-width: 525px) 100vw, 525px\" \/><\/p>\t\t\t\t\t\t<\/div>\n\t\t\t\t<\/div>\n\t\t\t\t\t<\/div>\n\t\t<\/div>\n\t\t\t\t<div class=\"elementor-column elementor-col-33 elementor-top-column elementor-element elementor-element-3b38503\" data-id=\"3b38503\" data-element_type=\"column\">\n\t\t\t<div class=\"elementor-widget-wrap elementor-element-populated\">\n\t\t\t\t\t\t\t\t<div class=\"elementor-element elementor-element-6e3d46b elementor-widget elementor-widget-text-editor\" data-id=\"6e3d46b\" data-element_type=\"widget\" data-widget_type=\"text-editor.default\">\n\t\t\t\t<div class=\"elementor-widget-container\">\n\t\t\t\t\t\t\t\t<p><a href=\"https:\/\/servizi.comune.torino.it\/inclusione\/wp-content\/uploads\/2025\/10\/20251014_DEL-585-2025-A4Farinelli.pdf\">DEL 585-2025 Area 4+Farinelli<\/a><\/p><p><a href=\"https:\/\/servizi.comune.torino.it\/inclusione\/wp-content\/uploads\/2025\/10\/DD-6377-2025-Approvaz.-Avviso-A4_Farinelli.pdf\">DD 6377-2025\u00a0 Avviso Area 4+Farinelli<\/a><\/p><p><a href=\"https:\/\/servizi.comune.torino.it\/inclusione\/wp-content\/uploads\/2025\/10\/All.A1_Avviso-Area-4.pdf\">All.A1_Avviso Area 4<\/a><\/p><p><a href=\"https:\/\/servizi.comune.torino.it\/inclusione\/wp-content\/uploads\/2025\/10\/All.1-facsimile_istanza_partecipazione.docx\">All.1-facsimile_istanza_partecipazione<\/a><\/p><p><a href=\"https:\/\/servizi.comune.torino.it\/inclusione\/wp-content\/uploads\/2025\/10\/All.1.1-facsimile_DSAN_istanza_partecipazione.docx\">All.1.1-facsimile_DSAN_istanza_partecipazione<\/a><\/p><p><a href=\"https:\/\/servizi.comune.torino.it\/inclusione\/wp-content\/uploads\/2025\/10\/All.2-Piano-Finanziario-Rich.-trasf.-finanziario.docx\">All.2-Piano-Finanziario-Rich. trasf. finanziario<\/a><\/p><p><a href=\"https:\/\/servizi.comune.torino.it\/inclusione\/wp-content\/uploads\/2025\/10\/All.3-Piano-Finanziario-Cofinanziamento.docx\">All.3-Piano-Finanziario &#8211; Cofinanziamento<\/a><\/p><p><a href=\"https:\/\/servizi.comune.torino.it\/inclusione\/wp-content\/uploads\/2025\/10\/All.4-SCHEDA-PROGETTO.docx\">All.4-SCHEDA PROGETTO<\/a><\/p><p><a href=\"https:\/\/servizi.comune.torino.it\/inclusione\/wp-content\/uploads\/2025\/10\/All.5-Scheda-2025-di-sintesi-del-progetto.xlsx\">All.5-Scheda 2025-di-sintesi-del-progetto<\/a><\/p><p><a href=\"https:\/\/servizi.comune.torino.it\/inclusione\/wp-content\/uploads\/2025\/10\/All.6-Fac-Simile_dichiarazione-Legge-122.docx\">All.6-Fac-Simile_dichiarazione-Legge-122<\/a><\/p><hr \/><p><strong>AGGIORNAMENTO<\/strong><\/p><p><a href=\"https:\/\/servizi.comune.torino.it\/inclusione\/wp-content\/uploads\/2025\/12\/DD-9067-2025.pdf\" target=\"_blank\" rel=\"noopener\">DD-9067-2025 &#8211; Individuazione Enti Partner e approvazione trasferimenti finanziari<\/a><\/p>\t\t\t\t\t\t<\/div>\n\t\t\t\t<\/div>\n\t\t\t\t\t<\/div>\n\t\t<\/div>\n\t\t\t\t\t\t\t<\/div>\n\t\t<\/section>\n\t\t\t\t\t\t<\/div>\n\t\t\t\t\t<\/div>\n\t\t","protected":false},"excerpt":{"rendered":"<p>Il Piano di Inclusione Sociale \u00e8 un percorso di co-progettazione aperto che permette agli enti di candidare i propri progetti in diversi periodi dell\u2019anno. In questa sezione si riporta la documentazione di riferimento. Avvisi aperti BANDO PER LA PREVENZIONE E IL CONTRASTO DELLE DIPENDENZE PATOLOGICHE E COMPORTAMENTALI \u201cLEGAMI DI LIBERTA\u2019\u201d &#8211;AVVISO DI MANIFESTAZIONE DI INTERESSE &hellip; <\/p>\n<p class=\"link-more\"><a href=\"https:\/\/servizi.comune.torino.it\/inclusione\/bandi-aperti\/\" class=\"more-link\">Leggi tutto<span class=\"screen-reader-text\"> &#8220;Bandi aperti&#8221;<\/span><\/a><\/p>\n","protected":false},"author":2,"featured_media":0,"parent":0,"menu_order":0,"comment_status":"closed","ping_status":"closed","template":"","meta":{"footnotes":""},"categories":[22],"tags":[],"class_list":["post-196","page","type-page","status-publish","hentry","category-candidatura-progetti"],"_links":{"self":[{"href":"https:\/\/servizi.comune.torino.it\/inclusione\/wp-json\/wp\/v2\/pages\/196","targetHints":{"allow":["GET"]}}],"collection":[{"href":"https:\/\/servizi.comune.torino.it\/inclusione\/wp-json\/wp\/v2\/pages"}],"about":[{"href":"https:\/\/servizi.comune.torino.it\/inclusione\/wp-json\/wp\/v2\/types\/page"}],"author":[{"embeddable":true,"href":"https:\/\/servizi.comune.torino.it\/inclusione\/wp-json\/wp\/v2\/users\/2"}],"replies":[{"embeddable":true,"href":"https:\/\/servizi.comune.torino.it\/inclusione\/wp-json\/wp\/v2\/comments?post=196"}],"version-history":[{"count":144,"href":"https:\/\/servizi.comune.torino.it\/inclusione\/wp-json\/wp\/v2\/pages\/196\/revisions"}],"predecessor-version":[{"id":4914,"href":"https:\/\/servizi.comune.torino.it\/inclusione\/wp-json\/wp\/v2\/pages\/196\/revisions\/4914"}],"wp:attachment":[{"href":"https:\/\/servizi.comune.torino.it\/inclusione\/wp-json\/wp\/v2\/media?parent=196"}],"wp:term":[{"taxonomy":"category","embeddable":true,"href":"https:\/\/servizi.comune.torino.it\/inclusione\/wp-json\/wp\/v2\/categories?post=196"},{"taxonomy":"post_tag","embeddable":true,"href":"https:\/\/servizi.comune.torino.it\/inclusione\/wp-json\/wp\/v2\/tags?post=196"}],"curies":[{"name":"wp","href":"https:\/\/api.w.org\/{rel}","templated":true}]}}